{"id":13706,"date":"2022-05-17T22:52:56","date_gmt":"2022-05-17T20:52:56","guid":{"rendered":"https:\/\/www.frapont.es\/historia-de-frapont\/"},"modified":"2026-03-03T17:14:51","modified_gmt":"2026-03-03T16:14:51","slug":"historia-de-frapont","status":"publish","type":"page","link":"https:\/\/www.frapont.es\/es\/historia-de-frapont\/","title":{"rendered":"Historia de Frapont"},"content":{"rendered":"<div class=\"wpb-content-wrapper\"><p>[vc_row css_animation=\u00bb\u00bb row_type=\u00bbrow\u00bb use_row_as_full_screen_section=\u00bbyes\u00bb type=\u00bbgrid\u00bb angled_section=\u00bbno\u00bb text_align=\u00bbleft\u00bb background_image_as_pattern=\u00bbwithout_pattern\u00bb z_index=\u00bb\u00bb el_id=\u00bbhistoria\u00bb][vc_column][qode_elements_holder number_of_columns=\u00bbtwo_columns\u00bb switch_to_one_column=\u00bb1000&#8243; alignment_one_column=\u00bbcenter\u00bb][qode_elements_holder_item advanced_animations=\u00bbno\u00bb item_padding=\u00bb150px 100px\u00bb item_padding_480_600=\u00bb50px\u00bb item_padding_480=\u00bb50px\u00bb item_padding_768_1024=\u00bb50px\u00bb item_padding_600_768=\u00bb50px\u00bb item_padding_1024_1280=\u00bb100px\u00bb item_padding_1280_1440=\u00bb100px\u00bb][vc_column_text css=\u00bb\u00bb]<\/p>\n<h2 style=\"text-align: left;\"><span style=\"font-size: 22px;\">OR\u00cdGENES<\/span><\/h2>\n<p>[\/vc_column_text][vc_empty_space][vc_column_text css=\u00bb.vc_custom_1772554202000{margin-right: 15px !important;padding-right: -15px !important;}\u00bb]<\/p>\n<p style=\"text-align: left;\"><span style=\"font-size: 17px;\">Francisco Pont Beneito nace el 1904. Se muda desde Valencia a Barcelona en el 1928 y r\u00e1pidamente comienza a trabajar de carpintero, el oficio familiar. En 1930 abre su primer tienda\/taller en la calle Arag\u00f3n 589.<\/span><\/p>\n<p>[\/vc_column_text][\/qode_elements_holder_item][qode_elements_holder_item advanced_animations=\u00bbno\u00bb item_padding_1024_1280=\u00bb0px\u00bb item_padding_768_1024=\u00bb0px\u00bb item_padding_600_768=\u00bb0px\u00bb item_padding_480_600=\u00bb0px\u00bb item_padding_480=\u00bb0px\u00bb][vc_empty_space][vc_single_image image=\u00bb10468&#8243; img_size=\u00bbfull\u00bb qode_css_animation=\u00bb\u00bb][\/qode_elements_holder_item][\/qode_elements_holder][\/vc_column][\/vc_row][vc_row row_type=\u00bbparallax\u00bb parallax_content_width=\u00bbin_grid\u00bb text_align=\u00bbleft\u00bb full_screen_section_height=\u00bbno\u00bb el_id=\u00bbvalores\u00bb][vc_column][qode_elements_holder number_of_columns=\u00bbtwo_columns\u00bb switch_to_one_column=\u00bb1000&#8243; alignment_one_column=\u00bbleft\u00bb][qode_elements_holder_item advanced_animations=\u00bbno\u00bb][vc_single_image image=\u00bb10471&#8243; img_size=\u00bbfull\u00bb qode_css_animation=\u00bb\u00bb][\/qode_elements_holder_item][qode_elements_holder_item advanced_animations=\u00bbno\u00bb item_padding=\u00bb120px 100px\u00bb item_padding_1024_1280=\u00bb100px\u00bb item_padding_768_1024=\u00bb100px\u00bb item_padding_600_768=\u00bb50px\u00bb item_padding_480_600=\u00bb50px\u00bb item_padding_480=\u00bb50px\u00bb item_padding_1280_1440=\u00bb100px\u00bb][vc_column_text css=\u00bb\u00bb]<\/p>\n<h2 style=\"text-align: left;\"><span style=\"font-size: 22px;\">FUNDACI\u00d3N DE FRAPONT<br \/>\n<\/span><span style=\"font-size: 22px;\">1967<\/span><\/h2>\n<p>[\/vc_column_text][vc_empty_space height=\u00bb20px\u00bb][vc_column_text css=\u00bb\u00bb]<span style=\"font-size: 17px;\">Francesc Pont Vidal, hijo de Francisco Pont Beneito ya de ni\u00f1o ayudaba en la carpinter\u00eda de su padre por las ma\u00f1anas. Estudi\u00f3 la carrera de aparejador (Arq. t\u00e9cnico) y tambi\u00e9n trabaj\u00f3 para un importante despacho de arquitectos. Cuando su padre se jubila, le traspasa todos sus clientes y proyectos a Francesc Pont Vidal.<\/span>[\/vc_column_text][\/qode_elements_holder_item][\/qode_elements_holder][\/vc_column][\/vc_row][vc_row css_animation=\u00bb\u00bb row_type=\u00bbrow\u00bb use_row_as_full_screen_section=\u00bbyes\u00bb type=\u00bbgrid\u00bb angled_section=\u00bbno\u00bb text_align=\u00bbleft\u00bb background_image_as_pattern=\u00bbwithout_pattern\u00bb z_index=\u00bb\u00bb][vc_column][qode_elements_holder number_of_columns=\u00bbtwo_columns\u00bb switch_to_one_column=\u00bb1000&#8243; alignment_one_column=\u00bbcenter\u00bb][qode_elements_holder_item advanced_animations=\u00bbno\u00bb item_padding=\u00bb150px 100px\u00bb item_padding_480_600=\u00bb50px\u00bb item_padding_480=\u00bb50px\u00bb item_padding_768_1024=\u00bb100px\u00bb item_padding_600_768=\u00bb50px\u00bb item_padding_1024_1280=\u00bb100px\u00bb item_padding_1280_1440=\u00bb100px\u00bb][vc_column_text css=\u00bb\u00bb]<\/p>\n<h2 style=\"text-align: left;\"><span style=\"font-size: 22px;\">EXPANSI\u00d3N PENINSULAR<\/span><br \/>\n<span style=\"font-size: 22px;\">1980-1990<\/span><\/h2>\n<p>[\/vc_column_text][vc_empty_space][vc_column_text css=\u00bb\u00bb]<span style=\"font-size: 17px;\">Durante los a\u00f1os 80, Frapont da un importante paso en su crecimiento nacional. Tras consolidarse en Barcelona, asume sus primeros proyectos fuera de la ciudad, entre ellos las carpinter\u00edas de la cadena de supermercados PRYCA en El Prat y Oviedo. Esta etapa marca un cambio significativo en su trayectoria: proyectos m\u00e1s grandes y complejos que permiten a la empresa ampliar su presencia y reconocimiento en todo el territorio espa\u00f1ol.<\/span>[\/vc_column_text][\/qode_elements_holder_item][qode_elements_holder_item advanced_animations=\u00bbno\u00bb item_padding_1024_1280=\u00bb50px\u00bb item_padding_768_1024=\u00bb50px\u00bb item_padding_600_768=\u00bb50px\u00bb item_padding_480_600=\u00bb50px\u00bb item_padding_480=\u00bb50px\u00bb item_padding_1280_1440=\u00bb100px\u00bb item_padding=\u00bb100px\u00bb][vc_single_image image=\u00bb10474&#8243; img_size=\u00bbfull\u00bb alignment=\u00bbright\u00bb qode_css_animation=\u00bb\u00bb][\/qode_elements_holder_item][\/qode_elements_holder][\/vc_column][\/vc_row][vc_row css_animation=\u00bb\u00bb row_type=\u00bbrow\u00bb use_row_as_full_screen_section=\u00bbyes\u00bb type=\u00bbgrid\u00bb angled_section=\u00bbno\u00bb text_align=\u00bbleft\u00bb background_image_as_pattern=\u00bbwithout_pattern\u00bb z_index=\u00bb\u00bb][vc_column][qode_elements_holder number_of_columns=\u00bbtwo_columns\u00bb switch_to_one_column=\u00bb1000&#8243; alignment_one_column=\u00bbcenter\u00bb][qode_elements_holder_item advanced_animations=\u00bbno\u00bb item_padding_1024_1280=\u00bb100px\u00bb item_padding_768_1024=\u00bb100px\u00bb item_padding_600_768=\u00bb50px\u00bb item_padding_480_600=\u00bb50px\u00bb item_padding_480=\u00bb50px\u00bb item_padding_1280_1440=\u00bb100px\u00bb][vc_single_image image=\u00bb10477&#8243; img_size=\u00bbfull\u00bb qode_css_animation=\u00bb\u00bb][\/qode_elements_holder_item][qode_elements_holder_item advanced_animations=\u00bbno\u00bb item_padding=\u00bb150px 100px\u00bb item_padding_480_600=\u00bb50px\u00bb item_padding_480=\u00bb50px\u00bb item_padding_768_1024=\u00bb100px\u00bb item_padding_600_768=\u00bb50px\u00bb item_padding_1024_1280=\u00bb100px\u00bb item_padding_1280_1440=\u00bb100px\u00bb][vc_empty_space height=\u00bb40px\u00bb][vc_column_text css=\u00bb\u00bb]<\/p>\n<h2 style=\"text-align: left;\"><span style=\"font-size: 22px;\">RECONSTRUCI\u00d3N DEL GRAN LICEU<br \/>\n<\/span><span style=\"font-size: 22px;\">1994<\/span><\/h2>\n<p>[\/vc_column_text][vc_empty_space height=\u00bb20px\u00bb][vc_column_text css=\u00bb\u00bb]<\/p>\n<p style=\"text-align: left;\"><span style=\"font-size: 17px;\">El 31 de enero de 1994 miles de personas contemplaron impotentes el enorme incendio que consumi\u00f3 el Gran Teatre del Liceu de Barcelona. Poco despu\u00e9s, Frapont fue contratado para participar en su reconstrucci\u00f3n, marcando su primera intervenci\u00f3n en un gran auditorio. Este proyecto se convirti\u00f3 en una carta de presentaci\u00f3n para futuros auditorios y espacios singulares, consolidando la reputaci\u00f3n de la empresa en proyectos de alta complejidad.<\/span><\/p>\n<p>[\/vc_column_text][vc_empty_space height=\u00bb40&#8243;][\/qode_elements_holder_item][\/qode_elements_holder][\/vc_column][\/vc_row][vc_row css_animation=\u00bb\u00bb row_type=\u00bbrow\u00bb use_row_as_full_screen_section=\u00bbyes\u00bb type=\u00bbgrid\u00bb angled_section=\u00bbno\u00bb text_align=\u00bbleft\u00bb background_image_as_pattern=\u00bbwithout_pattern\u00bb z_index=\u00bb\u00bb][vc_column][qode_elements_holder number_of_columns=\u00bbtwo_columns\u00bb switch_to_one_column=\u00bb1000&#8243; alignment_one_column=\u00bbleft\u00bb][qode_elements_holder_item advanced_animations=\u00bbno\u00bb item_padding=\u00bb150px 100px\u00bb item_padding_480_600=\u00bb0px\u00bb item_padding_480=\u00bb0px\u00bb item_padding_768_1024=\u00bb0px\u00bb item_padding_600_768=\u00bb0px\u00bb item_padding_1024_1280=\u00bb0px\u00bb][vc_empty_space height=\u00bb40px\u00bb][vc_column_text css=\u00bb\u00bb]<\/p>\n<h2 style=\"text-align: left;\"><span style=\"font-size: 22px;\">EXPANSI\u00d3N INTERNACIONAL<br \/>\n<\/span><span style=\"font-size: 22px;\">1996<\/span><\/h2>\n<p>[\/vc_column_text][vc_empty_space height=\u00bb20px\u00bb][vc_column_text css=\u00bb\u00bb]<\/p>\n<p style=\"text-align: left;\"><span style=\"font-size: 17px;\">En 1995 Francisco Pont Sanz se incorpora a la empresa familiar, seguido varios a\u00f1os despu\u00e9s por su hermana Cristina Pont. Las nuevas incorporaciones contribuyen a definir una estrategia de expansi\u00f3n internacional, y Frapont participa en la construcci\u00f3n del Teatro Manuel de Sintra en Lisboa, marcando uno de sus primeros proyectos relevantes fuera de Espa\u00f1a.<\/span><\/p>\n<p>[\/vc_column_text][vc_empty_space height=\u00bb40&#8243;][\/qode_elements_holder_item][qode_elements_holder_item advanced_animations=\u00bbno\u00bb item_padding_1024_1280=\u00bb0px\u00bb item_padding_768_1024=\u00bb0px\u00bb item_padding_600_768=\u00bb0px\u00bb item_padding_480_600=\u00bb0px\u00bb item_padding_480=\u00bb0px\u00bb][vc_single_image image=\u00bb10480&#8243; img_size=\u00bbfull\u00bb qode_css_animation=\u00bb\u00bb][\/qode_elements_holder_item][\/qode_elements_holder][\/vc_column][\/vc_row][vc_row css_animation=\u00bb\u00bb row_type=\u00bbrow\u00bb use_row_as_full_screen_section=\u00bbyes\u00bb type=\u00bbgrid\u00bb angled_section=\u00bbno\u00bb text_align=\u00bbleft\u00bb background_image_as_pattern=\u00bbwithout_pattern\u00bb z_index=\u00bb\u00bb][vc_column][qode_elements_holder number_of_columns=\u00bbtwo_columns\u00bb switch_to_one_column=\u00bb1000&#8243; alignment_one_column=\u00bbleft\u00bb][qode_elements_holder_item advanced_animations=\u00bbno\u00bb item_padding_1024_1280=\u00bb0px\u00bb item_padding_768_1024=\u00bb0px\u00bb item_padding_600_768=\u00bb0px\u00bb item_padding_480_600=\u00bb0px\u00bb item_padding_480=\u00bb0px\u00bb][vc_single_image image=\u00bb10483&#8243; img_size=\u00bbfull\u00bb qode_css_animation=\u00bb\u00bb][\/qode_elements_holder_item][qode_elements_holder_item advanced_animations=\u00bbno\u00bb item_padding=\u00bb150px 100px\u00bb item_padding_480_600=\u00bb0px\u00bb item_padding_480=\u00bb0px\u00bb item_padding_768_1024=\u00bb0px\u00bb item_padding_600_768=\u00bb0px\u00bb item_padding_1024_1280=\u00bb0px\u00bb][vc_empty_space height=\u00bb40px\u00bb][vc_column_text css=\u00bb\u00bb]<\/p>\n<h2 style=\"text-align: left;\"><span style=\"font-size: 22px;\">CONCURSO \u00d3PERA OSLO<br \/>\n<\/span><span style=\"font-size: 22px;\">2007<\/span><\/h2>\n<p>[\/vc_column_text][vc_empty_space height=\u00bb20px\u00bb][vc_column_text css=\u00bb\u00bb]<\/p>\n<p style=\"text-align: left;\"><span style=\"font-size: 17px;\">En 2007, Frapont gana el concurso para participar en la realizaci\u00f3n de los trabajos de carpinter\u00eda, suelos y revestimientos ac\u00fasticos de la nueva \u00d3pera de Oslo. Este proyecto marca el inicio de su consolidaci\u00f3n en Escandinavia, que se convierte en uno de los mercados principales de la empresa.<\/span><\/p>\n<p>[\/vc_column_text][vc_empty_space height=\u00bb40&#8243;][\/qode_elements_holder_item][\/qode_elements_holder][\/vc_column][\/vc_row][vc_row css_animation=\u00bb\u00bb row_type=\u00bbrow\u00bb use_row_as_full_screen_section=\u00bbyes\u00bb type=\u00bbgrid\u00bb angled_section=\u00bbno\u00bb text_align=\u00bbleft\u00bb background_image_as_pattern=\u00bbwithout_pattern\u00bb z_index=\u00bb\u00bb][vc_column][qode_elements_holder number_of_columns=\u00bbtwo_columns\u00bb switch_to_one_column=\u00bb1000&#8243; alignment_one_column=\u00bbleft\u00bb][qode_elements_holder_item advanced_animations=\u00bbno\u00bb item_padding=\u00bb150px 100px\u00bb item_padding_480_600=\u00bb0px\u00bb item_padding_480=\u00bb0px\u00bb item_padding_768_1024=\u00bb0px\u00bb item_padding_600_768=\u00bb0px\u00bb item_padding_1024_1280=\u00bb0px\u00bb][vc_empty_space height=\u00bb40px\u00bb][vc_column_text css=\u00bb\u00bb]<\/p>\n<h2 style=\"text-align: left;\"><span style=\"font-size: 22px;\">FILIALES INTERNACIONALES<\/span><br \/>\n<span style=\"font-size: 22px;\">2007-2025<\/span><\/h2>\n<p>[\/vc_column_text][vc_empty_space height=\u00bb20px\u00bb][vc_column_text css=\u00bb\u00bb]<\/p>\n<p style=\"text-align: left;\"><span style=\"font-size: 17px;\">Con el nuevo contrato para la House of Music en Aalborg, Frapont establece su primera filial internacional en Dinamarca, marcando un hito importante en el crecimiento de la empresa. Despu\u00e9s vendr\u00edan Suecia (2015), Noruega (2016), Francia (2018)\u2026 Hasta hoy, cuya exportaci\u00f3n representa m\u00e1s del 80% de la facturaci\u00f3n total.<\/span><\/p>\n<p>[\/vc_column_text][vc_empty_space height=\u00bb40&#8243;][\/qode_elements_holder_item][qode_elements_holder_item advanced_animations=\u00bbno\u00bb item_padding_1024_1280=\u00bb0px\u00bb item_padding_768_1024=\u00bb0px\u00bb item_padding_600_768=\u00bb0px\u00bb item_padding_480_600=\u00bb0px\u00bb item_padding_480=\u00bb0px\u00bb][vc_single_image image=\u00bb10489&#8243; img_size=\u00bbfull\u00bb css=\u00bb\u00bb qode_css_animation=\u00bb\u00bb][\/qode_elements_holder_item][\/qode_elements_holder][\/vc_column][\/vc_row][vc_row css_animation=\u00bb\u00bb row_type=\u00bbrow\u00bb use_row_as_full_screen_section=\u00bbyes\u00bb type=\u00bbgrid\u00bb angled_section=\u00bbno\u00bb text_align=\u00bbleft\u00bb background_image_as_pattern=\u00bbwithout_pattern\u00bb z_index=\u00bb\u00bb][vc_column][qode_elements_holder number_of_columns=\u00bbtwo_columns\u00bb switch_to_one_column=\u00bb1000&#8243; alignment_one_column=\u00bbleft\u00bb][qode_elements_holder_item advanced_animations=\u00bbno\u00bb item_padding_1024_1280=\u00bb0px\u00bb item_padding_768_1024=\u00bb0px\u00bb item_padding_600_768=\u00bb0px\u00bb item_padding_480_600=\u00bb0px\u00bb item_padding_480=\u00bb0px\u00bb][vc_single_image image=\u00bb90934&#8243; img_size=\u00bbfull\u00bb alignment=\u00bbcenter\u00bb css=\u00bb\u00bb qode_css_animation=\u00bb\u00bb][\/qode_elements_holder_item][qode_elements_holder_item advanced_animations=\u00bbno\u00bb item_padding=\u00bb150px 100px\u00bb item_padding_480_600=\u00bb0px\u00bb item_padding_480=\u00bb0px\u00bb item_padding_768_1024=\u00bb0px\u00bb item_padding_600_768=\u00bb0px\u00bb item_padding_1024_1280=\u00bb0px\u00bb][vc_empty_space height=\u00bb40px\u00bb][vc_column_text css=\u00bb\u00bb]<\/p>\n<h2 style=\"text-align: left;\"><span style=\"font-size: 22px;\">NUEVAS OFICINAS Y CENTRO PRODUCTIVO<\/span><br \/>\n<span style=\"font-size: 22px;\">2024<\/span><\/h2>\n<p>[\/vc_column_text][vc_empty_space height=\u00bb20px\u00bb][vc_column_text css=\u00bb\u00bb]<\/p>\n<p style=\"text-align: left;\"><span style=\"font-size: 17px;\">En 2024 inauguramos nuestras nuevas oficinas y centro productivo, dise\u00f1ados para combinar excelencia t\u00e9cnica, innovaci\u00f3n y sostenibilidad. Espacios construidos con materiales responsables y sistemas energ\u00e9ticamente eficientes, que reflejan nuestro compromiso con la calidad, el dise\u00f1o y la econom\u00eda circular.<\/span><\/p>\n<p><span style=\"font-size: 17px;\">Descubre todos nuestros proyectos por el mundo<\/span>[\/vc_column_text][vc_empty_space height=\u00bb40&#8243;][vc_btn title=\u00bbPROYECTOS\u00bb style=\u00bbclassic\u00bb color=\u00bbblack\u00bb css=\u00bb\u00bb link=\u00bburl:https%3A%2F%2Fwww.frapont.es%2Fes%2Four-projects%2F|title:Proyectos\u00bb][\/qode_elements_holder_item][\/qode_elements_holder][\/vc_column][\/vc_row][vc_row css_animation=\u00bb\u00bb row_type=\u00bbrow\u00bb use_row_as_full_screen_section=\u00bbno\u00bb type=\u00bbfull_width\u00bb angled_section=\u00bbno\u00bb text_align=\u00bbleft\u00bb background_image_as_pattern=\u00bbwithout_pattern\u00bb el_id=\u00bbequipo\u00bb z_index=\u00bb\u00bb][vc_column][\/vc_column][\/vc_row]<\/p>\n<\/div>","protected":false},"excerpt":{"rendered":"<p>[vc_row css_animation=\u00bb\u00bb row_type=\u00bbrow\u00bb use_row_as_full_screen_section=\u00bbyes\u00bb type=\u00bbgrid\u00bb angled_section=\u00bbno\u00bb text_align=\u00bbleft\u00bb background_image_as_pattern=\u00bbwithout_pattern\u00bb z_index=\u00bb\u00bb el_id=\u00bbhistoria\u00bb][vc_column][qode_elements_holder number_of_columns=\u00bbtwo_columns\u00bb switch_to_one_column=\u00bb1000&#8243; alignment_one_column=\u00bbcenter\u00bb][qode_elements_holder_item advanced_animations=\u00bbno\u00bb item_padding=\u00bb150px&#8230;<\/p>\n","protected":false},"author":2,"featured_media":0,"parent":0,"menu_order":0,"comment_status":"closed","ping_status":"closed","template":"full_width.php","meta":{"footnotes":""},"class_list":["post-13706","page","type-page","status-publish","hentry"],"yoast_head":"<!-- This site is optimized with the Yoast SEO plugin v27.3 - https:\/\/yoast.com\/product\/yoast-seo-wordpress\/ -->\n<title>Soluciones de revestimiento de madera | Revestimiento exterior | Frapont<\/title>\n<meta name=\"description\" content=\"El revestimiento de madera es una forma efectiva y popular de cambiar el aspecto de un edificio y protegerlo de los elementos. \u00a1Vis\u00edtanos!\" \/>\n<meta name=\"robots\" content=\"index, follow, max-snippet:-1, max-image-preview:large, max-video-preview:-1\" \/>\n<link rel=\"canonical\" href=\"https:\/\/www.frapont.es\/es\/historia-de-frapont\/\" \/>\n<meta property=\"og:locale\" content=\"es_ES\" \/>\n<meta property=\"og:type\" content=\"article\" \/>\n<meta property=\"og:title\" content=\"Soluciones de revestimiento de madera | Revestimiento exterior | Frapont\" \/>\n<meta property=\"og:description\" content=\"El revestimiento de madera es una forma efectiva y popular de cambiar el aspecto de un edificio y protegerlo de los elementos. \u00a1Vis\u00edtanos!\" \/>\n<meta property=\"og:url\" content=\"https:\/\/www.frapont.es\/es\/historia-de-frapont\/\" \/>\n<meta property=\"og:site_name\" content=\"Frapont\" \/>\n<meta property=\"article:publisher\" content=\"https:\/\/www.facebook.com\/Frapont\/\" \/>\n<meta property=\"article:modified_time\" content=\"2026-03-03T16:14:51+00:00\" \/>\n<meta name=\"twitter:card\" content=\"summary_large_image\" \/>\n<meta name=\"twitter:label1\" content=\"Tiempo de lectura\" \/>\n\t<meta name=\"twitter:data1\" content=\"5 minutos\" \/>\n<script type=\"application\/ld+json\" class=\"yoast-schema-graph\">{\"@context\":\"https:\\\/\\\/schema.org\",\"@graph\":[{\"@type\":\"WebPage\",\"@id\":\"https:\\\/\\\/www.frapont.es\\\/es\\\/historia-de-frapont\\\/\",\"url\":\"https:\\\/\\\/www.frapont.es\\\/es\\\/historia-de-frapont\\\/\",\"name\":\"Soluciones de revestimiento de madera | Revestimiento exterior | Frapont\",\"isPartOf\":{\"@id\":\"https:\\\/\\\/www.frapont.es\\\/#website\"},\"datePublished\":\"2022-05-17T20:52:56+00:00\",\"dateModified\":\"2026-03-03T16:14:51+00:00\",\"description\":\"El revestimiento de madera es una forma efectiva y popular de cambiar el aspecto de un edificio y protegerlo de los elementos. \u00a1Vis\u00edtanos!\",\"breadcrumb\":{\"@id\":\"https:\\\/\\\/www.frapont.es\\\/es\\\/historia-de-frapont\\\/#breadcrumb\"},\"inLanguage\":\"es\",\"potentialAction\":[{\"@type\":\"ReadAction\",\"target\":[\"https:\\\/\\\/www.frapont.es\\\/es\\\/historia-de-frapont\\\/\"]}]},{\"@type\":\"BreadcrumbList\",\"@id\":\"https:\\\/\\\/www.frapont.es\\\/es\\\/historia-de-frapont\\\/#breadcrumb\",\"itemListElement\":[{\"@type\":\"ListItem\",\"position\":1,\"name\":\"Portada\",\"item\":\"https:\\\/\\\/www.frapont.es\\\/es\\\/\"},{\"@type\":\"ListItem\",\"position\":2,\"name\":\"Historia de Frapont\"}]},{\"@type\":\"WebSite\",\"@id\":\"https:\\\/\\\/www.frapont.es\\\/#website\",\"url\":\"https:\\\/\\\/www.frapont.es\\\/\",\"name\":\"Frapont\",\"description\":\"\",\"publisher\":{\"@id\":\"https:\\\/\\\/www.frapont.es\\\/#organization\"},\"potentialAction\":[{\"@type\":\"SearchAction\",\"target\":{\"@type\":\"EntryPoint\",\"urlTemplate\":\"https:\\\/\\\/www.frapont.es\\\/?s={search_term_string}\"},\"query-input\":{\"@type\":\"PropertyValueSpecification\",\"valueRequired\":true,\"valueName\":\"search_term_string\"}}],\"inLanguage\":\"es\"},{\"@type\":\"Organization\",\"@id\":\"https:\\\/\\\/www.frapont.es\\\/#organization\",\"name\":\"Frapont\",\"url\":\"https:\\\/\\\/www.frapont.es\\\/\",\"logo\":{\"@type\":\"ImageObject\",\"inLanguage\":\"es\",\"@id\":\"https:\\\/\\\/www.frapont.es\\\/#\\\/schema\\\/logo\\\/image\\\/\",\"url\":\"https:\\\/\\\/www.frapont.es\\\/wp-content\\\/uploads\\\/2019\\\/11\\\/logo-nav-negro-min.png\",\"contentUrl\":\"https:\\\/\\\/www.frapont.es\\\/wp-content\\\/uploads\\\/2019\\\/11\\\/logo-nav-negro-min.png\",\"width\":235,\"height\":59,\"caption\":\"Frapont\"},\"image\":{\"@id\":\"https:\\\/\\\/www.frapont.es\\\/#\\\/schema\\\/logo\\\/image\\\/\"},\"sameAs\":[\"https:\\\/\\\/www.facebook.com\\\/Frapont\\\/\",\"https:\\\/\\\/www.instagram.com\\\/frapont_wood_works\\\/\",\"https:\\\/\\\/www.linkedin.com\\\/company\\\/1739273\\\/admin\\\/\"]}]}<\/script>\n<!-- \/ Yoast SEO plugin. -->","yoast_head_json":{"title":"Soluciones de revestimiento de madera | Revestimiento exterior | Frapont","description":"El revestimiento de madera es una forma efectiva y popular de cambiar el aspecto de un edificio y protegerlo de los elementos. \u00a1Vis\u00edtanos!","robots":{"index":"index","follow":"follow","max-snippet":"max-snippet:-1","max-image-preview":"max-image-preview:large","max-video-preview":"max-video-preview:-1"},"canonical":"https:\/\/www.frapont.es\/es\/historia-de-frapont\/","og_locale":"es_ES","og_type":"article","og_title":"Soluciones de revestimiento de madera | Revestimiento exterior | Frapont","og_description":"El revestimiento de madera es una forma efectiva y popular de cambiar el aspecto de un edificio y protegerlo de los elementos. \u00a1Vis\u00edtanos!","og_url":"https:\/\/www.frapont.es\/es\/historia-de-frapont\/","og_site_name":"Frapont","article_publisher":"https:\/\/www.facebook.com\/Frapont\/","article_modified_time":"2026-03-03T16:14:51+00:00","twitter_card":"summary_large_image","twitter_misc":{"Tiempo de lectura":"5 minutos"},"schema":{"@context":"https:\/\/schema.org","@graph":[{"@type":"WebPage","@id":"https:\/\/www.frapont.es\/es\/historia-de-frapont\/","url":"https:\/\/www.frapont.es\/es\/historia-de-frapont\/","name":"Soluciones de revestimiento de madera | Revestimiento exterior | Frapont","isPartOf":{"@id":"https:\/\/www.frapont.es\/#website"},"datePublished":"2022-05-17T20:52:56+00:00","dateModified":"2026-03-03T16:14:51+00:00","description":"El revestimiento de madera es una forma efectiva y popular de cambiar el aspecto de un edificio y protegerlo de los elementos. \u00a1Vis\u00edtanos!","breadcrumb":{"@id":"https:\/\/www.frapont.es\/es\/historia-de-frapont\/#breadcrumb"},"inLanguage":"es","potentialAction":[{"@type":"ReadAction","target":["https:\/\/www.frapont.es\/es\/historia-de-frapont\/"]}]},{"@type":"BreadcrumbList","@id":"https:\/\/www.frapont.es\/es\/historia-de-frapont\/#breadcrumb","itemListElement":[{"@type":"ListItem","position":1,"name":"Portada","item":"https:\/\/www.frapont.es\/es\/"},{"@type":"ListItem","position":2,"name":"Historia de Frapont"}]},{"@type":"WebSite","@id":"https:\/\/www.frapont.es\/#website","url":"https:\/\/www.frapont.es\/","name":"Frapont","description":"","publisher":{"@id":"https:\/\/www.frapont.es\/#organization"},"potentialAction":[{"@type":"SearchAction","target":{"@type":"EntryPoint","urlTemplate":"https:\/\/www.frapont.es\/?s={search_term_string}"},"query-input":{"@type":"PropertyValueSpecification","valueRequired":true,"valueName":"search_term_string"}}],"inLanguage":"es"},{"@type":"Organization","@id":"https:\/\/www.frapont.es\/#organization","name":"Frapont","url":"https:\/\/www.frapont.es\/","logo":{"@type":"ImageObject","inLanguage":"es","@id":"https:\/\/www.frapont.es\/#\/schema\/logo\/image\/","url":"https:\/\/www.frapont.es\/wp-content\/uploads\/2019\/11\/logo-nav-negro-min.png","contentUrl":"https:\/\/www.frapont.es\/wp-content\/uploads\/2019\/11\/logo-nav-negro-min.png","width":235,"height":59,"caption":"Frapont"},"image":{"@id":"https:\/\/www.frapont.es\/#\/schema\/logo\/image\/"},"sameAs":["https:\/\/www.facebook.com\/Frapont\/","https:\/\/www.instagram.com\/frapont_wood_works\/","https:\/\/www.linkedin.com\/company\/1739273\/admin\/"]}]}},"_links":{"self":[{"href":"https:\/\/www.frapont.es\/es\/wp-json\/wp\/v2\/pages\/13706","targetHints":{"allow":["GET"]}}],"collection":[{"href":"https:\/\/www.frapont.es\/es\/wp-json\/wp\/v2\/pages"}],"about":[{"href":"https:\/\/www.frapont.es\/es\/wp-json\/wp\/v2\/types\/page"}],"author":[{"embeddable":true,"href":"https:\/\/www.frapont.es\/es\/wp-json\/wp\/v2\/users\/2"}],"replies":[{"embeddable":true,"href":"https:\/\/www.frapont.es\/es\/wp-json\/wp\/v2\/comments?post=13706"}],"version-history":[{"count":7,"href":"https:\/\/www.frapont.es\/es\/wp-json\/wp\/v2\/pages\/13706\/revisions"}],"predecessor-version":[{"id":92126,"href":"https:\/\/www.frapont.es\/es\/wp-json\/wp\/v2\/pages\/13706\/revisions\/92126"}],"wp:attachment":[{"href":"https:\/\/www.frapont.es\/es\/wp-json\/wp\/v2\/media?parent=13706"}],"curies":[{"name":"wp","href":"https:\/\/api.w.org\/{rel}","templated":true}]}}